


{"id":112,"date":"2026-03-03T22:38:38","date_gmt":"2026-03-03T22:38:38","guid":{"rendered":"https:\/\/veabrasil.org\/?post_type=tribe_events&#038;p=112"},"modified":"2026-03-07T01:18:17","modified_gmt":"2026-03-07T00:18:17","slug":"offene-druckwerkstatt-oficina-aberta-de-print-art","status":"publish","type":"tribe_events","link":"https:\/\/veabrasil.org\/?tribe_events=offene-druckwerkstatt-oficina-aberta-de-print-art","title":{"rendered":"Offene Druckwerkstatt \/ Oficina Aberta de Print-Art"},"content":{"rendered":"<p>Ein kreativer Sonntag f\u00fcr Kinder &amp; Familien!<\/p>\n<p>Kommt vorbei und taucht ein in die wunderbare Welt des Druckens!<br \/>\nGemeinsam mit den K\u00fcnstler:innen Francisca do Nascimento Ohlsen und Klaus Odenwald in einer Druckwerkstatt voller Fantasie, Farben und kreativer Experimente.<\/p>\n<p>Ob gro\u00df oder klein \u2013 hier darf ausprobiert, gestaltet und entdeckt werden.<br \/>\nGemeinsam drucken, staunen und Spa\u00df haben!<\/p>\n<p>++ Teilnahme auf Spendenbasis ++<br \/>\nEin Teil der Spenden kommt den Projekten der Mala de Heran\u00e7a zugute.<\/p>\n<p>***<\/p>\n<p data-start=\"0\" data-end=\"45\">Um domingo criativo para crian\u00e7as e fam\u00edlias!<\/p>\n<p data-start=\"47\" data-end=\"263\">Venham participar e mergulhar no maravilhoso mundo da impress\u00e3o!<br \/>\nJunto com os artistas Francisca do Nascimento Ohlsen e Klaus Odenwald, em uma oficina de impress\u00e3o repleta de fantasia, cores e experimentos criativos.<\/p>\n<p data-start=\"265\" data-end=\"392\">Sejam crian\u00e7as ou adultos\u00a0 \u2013 aqui todos podem experimentar, criar e descobrir.<br \/>\nVamos imprimir juntos, se encantar e se divertir!<\/p>\n<p data-start=\"394\" data-end=\"496\" data-is-last-node=\"\" data-is-only-node=\"\">++ Participa\u00e7\u00e3o mediante doa\u00e7\u00e3o ++<br data-start=\"428\" data-end=\"431\" \/>Parte das doa\u00e7\u00f5es ser\u00e1 destinada aos projetos da Mala de Heran\u00e7a.<\/p>\n","protected":false},"excerpt":{"rendered":"<p>Ein kreativer Sonntag f\u00fcr Kinder &amp; Familien! Kommt vorbei und taucht ein in die wunderbare Welt des Druckens! Gemeinsam mit den K\u00fcnstler:innen Francisca do Nascimento Ohlsen und Klaus Odenwald in einer Druckwerkstatt voller Fantasie, Farben&hellip; <a href=\"https:\/\/veabrasil.org\/?tribe_events=offene-druckwerkstatt-oficina-aberta-de-print-art\">Mehr<\/a><\/p>\n","protected":false},"author":1,"featured_media":0,"template":"","meta":{"_crdt_document":"","_tribe_events_status":"","_tribe_events_status_reason":"","footnotes":""},"tags":[],"tribe_events_cat":[],"class_list":["post-112","tribe_events","type-tribe_events","status-publish","hentry"],"_links":{"self":[{"href":"https:\/\/veabrasil.org\/index.php?rest_route=\/wp\/v2\/tribe_events\/112","targetHints":{"allow":["GET"]}}],"collection":[{"href":"https:\/\/veabrasil.org\/index.php?rest_route=\/wp\/v2\/tribe_events"}],"about":[{"href":"https:\/\/veabrasil.org\/index.php?rest_route=\/wp\/v2\/types\/tribe_events"}],"author":[{"embeddable":true,"href":"https:\/\/veabrasil.org\/index.php?rest_route=\/wp\/v2\/users\/1"}],"version-history":[{"count":2,"href":"https:\/\/veabrasil.org\/index.php?rest_route=\/wp\/v2\/tribe_events\/112\/revisions"}],"predecessor-version":[{"id":193,"href":"https:\/\/veabrasil.org\/index.php?rest_route=\/wp\/v2\/tribe_events\/112\/revisions\/193"}],"wp:attachment":[{"href":"https:\/\/veabrasil.org\/index.php?rest_route=%2Fwp%2Fv2%2Fmedia&parent=112"}],"wp:term":[{"taxonomy":"post_tag","embeddable":true,"href":"https:\/\/veabrasil.org\/index.php?rest_route=%2Fwp%2Fv2%2Ftags&post=112"},{"taxonomy":"tribe_events_cat","embeddable":true,"href":"https:\/\/veabrasil.org\/index.php?rest_route=%2Fwp%2Fv2%2Ftribe_events_cat&post=112"}],"curies":[{"name":"wp","href":"https:\/\/api.w.org\/{rel}","templated":true}]}}